{"id":467,"date":"2009-11-08T14:31:47","date_gmt":"2009-11-08T12:31:47","guid":{"rendered":"http:\/\/flygplats.sjoboflyg.se\/?page_id=467"},"modified":"2012-08-23T10:14:27","modified_gmt":"2012-08-23T08:14:27","slug":"acroflyers","status":"publish","type":"page","link":"https:\/\/flygplats.sjoboflyg.se\/?page_id=467","title":{"rendered":"AcroFlyers"},"content":{"rendered":"<p><em>Process\u00e4gare: Flygplatschefen<\/em><\/p>\n<p><span style=\"font-size: medium;\"><span style=\"font-family: trebuchet ms,geneva;\"><strong>Syfte <\/strong><br \/>\nS\u00e4kerst\u00e4lla att medlemmar i AcroFlyers modellflygklubb erh\u00e5ller n\u00f6dv\u00e4ndig information om regler f\u00f6r verksamheten.\u00a0\u00a0\u00a0<\/span><\/span><\/p>\n<p><span style=\"font-family: trebuchet ms,geneva;\"><span style=\"font-size: medium;\"><strong>Omfattning<\/strong><br \/>\nAlla medlemmar i AcroFlyers modellflygklubb samt g\u00e4stande modellflygare som avser anv\u00e4nda omr\u00e5det.<\/span><\/span><\/p>\n<p><span style=\"font-family: trebuchet ms,geneva;\"><span style=\"font-size: medium;\"><strong>\u00c5tg\u00e4rder<\/strong><\/span><\/span><\/p>\n<table border=\"0\" align=\"left\">\n<thead>\n<tr align=\"left\" valign=\"middle\">\n<td><span style=\"font-size: medium;\"><span style=\"font-family: trebuchet ms,geneva;\"><strong>Beskrivning\u00a0\u00a0\u00a0\u00a0\u00a0\u00a0\u00a0\u00a0\u00a0\u00a0\u00a0\u00a0\u00a0\u00a0\u00a0\u00a0\u00a0\u00a0\u00a0\u00a0\u00a0\u00a0\u00a0\u00a0\u00a0\u00a0\u00a0\u00a0\u00a0\u00a0\u00a0\u00a0\u00a0\u00a0\u00a0\u00a0\u00a0<\/strong><\/span><\/span><\/td>\n<td><span style=\"font-size: medium;\"><span style=\"font-family: trebuchet ms,geneva;\"><span style=\"font-size: medium;\"><strong>Ansvarig<\/strong><\/span><\/span><\/span><\/td>\n<td><span style=\"font-size: medium;\"><span style=\"font-family: trebuchet ms,geneva;\"><span style=\"font-size: medium;\"><strong>St\u00f6dprocess \/ Dokument<\/strong><\/span><\/span><\/span><\/td>\n<\/tr>\n<tr align=\"left\" valign=\"middle\">\n<td><span style=\"font-size: medium;\"><span style=\"font-family: trebuchet ms,geneva;\"><span style=\"font-size: medium;\"><span style=\"font-family: trebuchet ms,geneva;\"><span style=\"font-size: medium;\">L\u00e4mna inloggning f\u00f6r att ge tillg\u00e5ng till drifthandboken<\/span><\/span>\u00a0\u00a0\u00a0\u00a0\u00a0\u00a0\u00a0\u00a0\u00a0\u00a0\u00a0\u00a0\u00a0\u00a0\u00a0\u00a0\u00a0\u00a0\u00a0\u00a0\u00a0\u00a0\u00a0\u00a0\u00a0<\/span><\/span><\/span><\/td>\n<td><span style=\"font-size: medium;\"><span style=\"font-family: trebuchet ms,geneva;\">Flygplatschefen\u00a0\u00a0<\/span>\u00a0\u00a0\u00a0<\/span><\/td>\n<td><\/td>\n<\/tr>\n<tr align=\"left\" valign=\"middle\">\n<td><span style=\"font-size: medium;\"><span style=\"font-family: trebuchet ms,geneva;\"><span style=\"font-size: medium;\"><span style=\"font-size: medium;\"><span style=\"font-family: trebuchet ms,geneva;\"><span style=\"font-size: medium;\">Informera om drifthandbokens uppl\u00e4gg<\/span><\/span><\/span><\/span><\/span><\/span><\/td>\n<td><span style=\"font-size: medium;\"><span style=\"font-size: medium;\"><span style=\"font-family: trebuchet ms,geneva;\">Flygplatschefen<\/span><\/span><\/span><\/td>\n<td><\/td>\n<\/tr>\n<tr align=\"left\" valign=\"middle\">\n<td><span style=\"font-size: medium;\"><span style=\"font-family: trebuchet ms,geneva;\"><span style=\"font-size: medium;\">Informera om rapportverktyget<br \/>\n<\/span><\/span><\/span><\/td>\n<td><span style=\"font-size: medium;\"><span style=\"font-size: medium;\"><span style=\"font-size: medium;\"><span style=\"font-family: trebuchet ms,geneva;\">Flygplatschefen<\/span><\/span><\/span><\/span><\/td>\n<td><span style=\"font-family: trebuchet ms,geneva;\"><span style=\"font-size: medium;\">\u00a0<a href=\"http:\/\/flygplats.sjoboflyg.se\/?page_id=666%20\" target=\"_blank\">Avvikelserapportering<\/a><\/span><\/span><\/td>\n<\/tr>\n<tr>\n<td><span style=\"font-family: trebuchet ms,geneva;\"><span style=\"font-size: medium;\">Kalla till uppf\u00f6ljningsm\u00f6te minst en g\u00e5ng per \u00e5r<\/span><\/span><\/td>\n<td><span style=\"font-size: medium;\"><span style=\"font-size: medium;\"><span style=\"font-size: medium;\"><span style=\"font-family: trebuchet ms,geneva;\">Flygplatschefen<\/span><\/span><\/span><\/span><\/td>\n<td><\/td>\n<\/tr>\n<tr>\n<td><span style=\"font-family: trebuchet ms,geneva;\"><span style=\"font-size: medium;\">\u00a0Lokala F\u00f6reskrifter AcroFlyers<\/span><\/span><\/td>\n<td><span style=\"font-size: medium;\"><span style=\"font-size: medium;\"><span style=\"font-size: medium;\"><span style=\"font-family: trebuchet ms,geneva;\">Ordf. AcroFlyers<\/span><\/span><\/span><\/span><\/td>\n<td><span style=\"font-family: trebuchet ms,geneva; font-size: medium;\"><a href=\"http:\/\/flygplats.sjoboflyg.se\/wp-content\/uploads\/2009\/11\/acroflyers1.pdf\" target=\"_blank\">Acroflyers<\/a><\/span><\/td>\n<\/tr>\n<\/thead>\n<\/table>\n<p><span style=\"font-family: trebuchet ms,geneva;\"><span style=\"font-size: medium;\"><strong>\u00a0<\/strong><\/span><\/span><\/p>\n<p>&nbsp;<\/p>\n","protected":false},"excerpt":{"rendered":"<p>Process\u00e4gare: Flygplatschefen Syfte S\u00e4kerst\u00e4lla att medlemmar i AcroFlyers modellflygklubb erh\u00e5ller n\u00f6dv\u00e4ndig information om regler f\u00f6r verksamheten.\u00a0\u00a0\u00a0 Omfattning Alla medlemmar i AcroFlyers modellflygklubb samt g\u00e4stande modellflygare som avser anv\u00e4nda omr\u00e5det. \u00c5tg\u00e4rder Beskrivning\u00a0\u00a0\u00a0\u00a0\u00a0\u00a0\u00a0\u00a0\u00a0\u00a0\u00a0\u00a0\u00a0\u00a0\u00a0\u00a0\u00a0\u00a0\u00a0\u00a0\u00a0\u00a0\u00a0\u00a0\u00a0\u00a0\u00a0\u00a0\u00a0\u00a0\u00a0\u00a0\u00a0\u00a0\u00a0\u00a0\u00a0 Ansvarig St\u00f6dprocess \/ Dokument L\u00e4mna inloggning f\u00f6r att ge tillg\u00e5ng till drifthandboken\u00a0\u00a0\u00a0\u00a0\u00a0\u00a0\u00a0\u00a0\u00a0\u00a0\u00a0\u00a0\u00a0\u00a0\u00a0\u00a0\u00a0\u00a0\u00a0\u00a0\u00a0\u00a0\u00a0\u00a0\u00a0 Flygplatschefen\u00a0\u00a0\u00a0\u00a0\u00a0 Informera om drifthandbokens uppl\u00e4gg Flygplatschefen Informera om rapportverktyget Flygplatschefen \u00a0Avvikelserapportering Kalla [&hellip;]<\/p>\n","protected":false},"author":2,"featured_media":0,"parent":5,"menu_order":0,"comment_status":"closed","ping_status":"closed","template":"page-without-sidebar.php","meta":{"footnotes":""},"class_list":["post-467","page","type-page","status-publish","hentry"],"_links":{"self":[{"href":"https:\/\/flygplats.sjoboflyg.se\/index.php?rest_route=\/wp\/v2\/pages\/467","targetHints":{"allow":["GET"]}}],"collection":[{"href":"https:\/\/flygplats.sjoboflyg.se\/index.php?rest_route=\/wp\/v2\/pages"}],"about":[{"href":"https:\/\/flygplats.sjoboflyg.se\/index.php?rest_route=\/wp\/v2\/types\/page"}],"author":[{"embeddable":true,"href":"https:\/\/flygplats.sjoboflyg.se\/index.php?rest_route=\/wp\/v2\/users\/2"}],"replies":[{"embeddable":true,"href":"https:\/\/flygplats.sjoboflyg.se\/index.php?rest_route=%2Fwp%2Fv2%2Fcomments&post=467"}],"version-history":[{"count":20,"href":"https:\/\/flygplats.sjoboflyg.se\/index.php?rest_route=\/wp\/v2\/pages\/467\/revisions"}],"predecessor-version":[{"id":1046,"href":"https:\/\/flygplats.sjoboflyg.se\/index.php?rest_route=\/wp\/v2\/pages\/467\/revisions\/1046"}],"up":[{"embeddable":true,"href":"https:\/\/flygplats.sjoboflyg.se\/index.php?rest_route=\/wp\/v2\/pages\/5"}],"wp:attachment":[{"href":"https:\/\/flygplats.sjoboflyg.se\/index.php?rest_route=%2Fwp%2Fv2%2Fmedia&parent=467"}],"curies":[{"name":"wp","href":"https:\/\/api.w.org\/{rel}","templated":true}]}}